{"id":121,"date":"2022-06-20T20:02:55","date_gmt":"2022-06-20T20:02:55","guid":{"rendered":"https:\/\/niezwyciezony.org\/?page_id=121"},"modified":"2025-02-23T12:17:50","modified_gmt":"2025-02-23T12:17:50","slug":"podpopieczni","status":"publish","type":"page","link":"https:\/\/niezwyciezony.org\/index.php\/podpopieczni\/","title":{"rendered":"Podopieczni"},"content":{"rendered":"\n<h2 class=\"wp-block-heading\">Amelia J\u0119drzejewska<\/h2>\n\n\n\n<div class=\"wp-block-columns is-layout-flex wp-container-core-columns-is-layout-3 wp-block-columns-is-layout-flex\">\n<div class=\"wp-block-column is-layout-flow wp-block-column-is-layout-flow\" style=\"flex-basis:100%\">\n<div class=\"wp-block-columns is-layout-flex wp-container-core-columns-is-layout-2 wp-block-columns-is-layout-flex\">\n<div class=\"wp-block-column is-layout-flow wp-block-column-is-layout-flow\" style=\"flex-basis:33.33%\">\n<figure class=\"wp-block-image size-large is-style-default\"><img loading=\"lazy\" decoding=\"async\" width=\"1024\" height=\"683\" src=\"https:\/\/niezwyciezony.org\/wp-content\/uploads\/2024\/12\/amelia-jedrzejewska-1-1024x683.jpeg\" alt=\"\" class=\"wp-image-766\" style=\"aspect-ratio:1;object-fit:cover\" srcset=\"https:\/\/niezwyciezony.org\/wp-content\/uploads\/2024\/12\/amelia-jedrzejewska-1-1024x683.jpeg 1024w, https:\/\/niezwyciezony.org\/wp-content\/uploads\/2024\/12\/amelia-jedrzejewska-1-300x200.jpeg 300w, https:\/\/niezwyciezony.org\/wp-content\/uploads\/2024\/12\/amelia-jedrzejewska-1-768x512.jpeg 768w, https:\/\/niezwyciezony.org\/wp-content\/uploads\/2024\/12\/amelia-jedrzejewska-1.jpeg 1080w\" sizes=\"auto, (max-width: 709px) 85vw, (max-width: 909px) 67vw, (max-width: 1362px) 62vw, 840px\" \/><\/figure>\n<\/div>\n\n\n\n<div class=\"wp-block-column is-vertically-aligned-top is-layout-flow wp-block-column-is-layout-flow\" style=\"flex-basis:50%\">\n<div class=\"wp-block-columns is-layout-flex wp-container-core-columns-is-layout-1 wp-block-columns-is-layout-flex\">\n<div class=\"wp-block-column is-layout-flow wp-block-column-is-layout-flow\" style=\"flex-basis:100%\">\n<p class=\"has-text-align-left has-small-font-size\">Amelia J\u0119drzejewska 18 letnia karateczka z Gda\u0144ska konkuruje g\u0142\u00f3wnie w stylu kumite. Amelia trenuje w Klubie Sportowym Gokken. Jej cele na ten rok to Mistrzostwa Polski w kategorii u21 oraz turnieje w Bratys\u0142awie, Porec.<\/p>\n\n\n\n<p class=\"has-text-align-left has-small-font-size\">Najwa\u017cniejsze osi\u0105gni\u0119cia Amelii dotychczas to: I miejsce na Mistrzostwa Polski w kategorii Junior Kumite Female + 66 kg, II miejsce na 26Th Budapest Open 2023&nbsp; w kategorii Junior Kumite Female + 66 kg, I miejsce na X Central Poland Open Grand Prix Karate (krajowe zawody rankingowe) w kategorii U21 Kumite Female + 68 kg, I miejsce w rankingu Polskiej Unii Karate w kategorii Junior Kumite Female + 66 kg, 24 miejsce w rankingu World Karate Federationt (\u015awiatowa Federacja Karate) w kategorii Junior Kumite Female + 66 kg (jest to najwy\u017csze miejsce zajmowane przez Polk\u0119 w tej kategorii) jak i wiele innych wyr\u00f3\u017cnie\u0144.<br><br><br><\/p>\n<\/div>\n<\/div>\n<\/div>\n\n\n\n<div class=\"wp-block-column is-layout-flow wp-block-column-is-layout-flow\"><\/div>\n<\/div>\n<\/div>\n\n\n\n<div class=\"wp-block-column is-layout-flow wp-block-column-is-layout-flow\"><\/div>\n<\/div>\n\n\n\n<h2 class=\"wp-block-heading\">Laura \u015acis\u0142owska<\/h2>\n\n\n\n<div class=\"wp-block-columns is-layout-flex wp-container-core-columns-is-layout-5 wp-block-columns-is-layout-flex\">\n<div class=\"wp-block-column is-layout-flow wp-block-column-is-layout-flow\" style=\"flex-basis:100%\">\n<div class=\"wp-block-columns is-layout-flex wp-container-core-columns-is-layout-4 wp-block-columns-is-layout-flex\">\n<div class=\"wp-block-column is-layout-flow wp-block-column-is-layout-flow\" style=\"flex-basis:33.33%\">\n<figure class=\"wp-block-image size-large is-style-default\"><img loading=\"lazy\" decoding=\"async\" width=\"768\" height=\"1024\" src=\"https:\/\/niezwyciezony.org\/wp-content\/uploads\/2025\/01\/Laura-8-4-768x1024.jpg\" alt=\"\" class=\"wp-image-792\" style=\"aspect-ratio:1;object-fit:cover\" srcset=\"https:\/\/niezwyciezony.org\/wp-content\/uploads\/2025\/01\/Laura-8-4-768x1024.jpg 768w, https:\/\/niezwyciezony.org\/wp-content\/uploads\/2025\/01\/Laura-8-4-225x300.jpg 225w, https:\/\/niezwyciezony.org\/wp-content\/uploads\/2025\/01\/Laura-8-4-1152x1536.jpg 1152w, https:\/\/niezwyciezony.org\/wp-content\/uploads\/2025\/01\/Laura-8-4.jpg 1200w\" sizes=\"auto, (max-width: 768px) 85vw, 768px\" \/><\/figure>\n<\/div>\n\n\n\n<div class=\"wp-block-column is-layout-flow wp-block-column-is-layout-flow\" style=\"flex-basis:50%\">\n<p class=\"has-small-font-size\">Laura \u015acis\u0142owska jest jedna z najbardziej obiecuj\u0105cych m\u0142odych gwiazd karate, specjalizuj\u0105ca si\u0119 zar\u00f3wno w&nbsp;kumite, jak i kata. Dzi\u0119ki niezwyk\u0142ej determinacji i pasji do sportu, ju\u017c teraz zdobywa medale na krajowych i mi\u0119dzynarodowych turniejach.<\/p>\n\n\n\n<p class=\"has-small-font-size\">Najwa\u017cniejsze osi\u0105gni\u0119cia Laury to I miejsce w stylu kata Shotokan i II miejsce w stylu kumite shobu santon -50kg na WUKF KARATE EUROPEAN CUP (S\u0142owacja 2023r.) , I miejsce w stylu kumite ippon shobu (team) na XI WUKF WORLD KARATE CHAMPIONSHIPS(2023 Dundee), I miejsce w stylu kata Shotokan i kumite shobu sanbon na OG\u00d3LNOPOLSKIM TURNIEJU KARATE RAION CUP (2024), III miejsce w stylu kumite shobu sanbon (team) na X WUKF KARATE WORLD CHAMPIONSHIPS (Floryda 2022r.), I miejsce w stylu kumite shobu sanbon i II miejsce w stylu kata Shotokan na II INTERNATIONAL PERU KARATE CHAMPIONSHIPS (2022r.) jak i wiele innych wyr\u00f3\u017cnie\u0144.<\/p>\n<\/div>\n<\/div>\n<\/div>\n\n\n\n<div class=\"wp-block-column is-layout-flow wp-block-column-is-layout-flow\"><\/div>\n<\/div>\n\n\n\n<h2 class=\"wp-block-heading\">Rafa\u0142 Krajewski<\/h2>\n\n\n\n<div class=\"wp-block-columns is-layout-flex wp-container-core-columns-is-layout-6 wp-block-columns-is-layout-flex\">\n<div class=\"wp-block-column is-layout-flow wp-block-column-is-layout-flow\" style=\"flex-basis:33.33%\"><div class=\"wp-block-image\">\n<figure class=\"alignleft size-full\"><img loading=\"lazy\" decoding=\"async\" width=\"400\" height=\"300\" src=\"https:\/\/niezwyciezony.org\/wp-content\/uploads\/2022\/06\/rafa_krajewski.jpeg\" alt=\"\" class=\"wp-image-155\" style=\"aspect-ratio:1;object-fit:cover\" srcset=\"https:\/\/niezwyciezony.org\/wp-content\/uploads\/2022\/06\/rafa_krajewski.jpeg 400w, https:\/\/niezwyciezony.org\/wp-content\/uploads\/2022\/06\/rafa_krajewski-300x225.jpeg 300w\" sizes=\"auto, (max-width: 400px) 85vw, 400px\" \/><\/figure><\/div><\/div>\n\n\n\n<div class=\"wp-block-column is-layout-flow wp-block-column-is-layout-flow\" style=\"flex-basis:66.66%\">\n<p class=\"has-small-font-size\">Rafa\u0142 Krajewski jest zapa\u015bnikiem w stylu klasycznym, trenuj\u0105cym od 2013r w klubie SSA LEGIA 1926 WARSZAWA. Jego trenerem prowadz\u0105cym jest Ksawery Biedermann. Rafa\u0142 nale\u017cy do \u015bcis\u0142ej kadry narodowej przygotowuj\u0105cej si\u0119 do najwa\u017cniejszych imprez \u015bwiatowych oraz do igrzysk olimpijskich TOKYO 2020.<\/p>\n\n\n\n<p class=\"has-small-font-size\">Rafa\u0142 mo\u017ce poszczyci\u0107 si\u0119 nast\u0119puj\u0105cymi osi\u0105gni\u0119ciami w roku 2019: Zosta\u0142 M\u0142odzie\u017cowym Mistrzem Polski kat. 130 kg, Mistrzem Polski Senior\u00f3w kat. 130 kg, Zwyci\u0119zc\u0105 pucharu Polski kat. 130 kg. Zdoby\u0142 1 miejsce na Mi\u0119dzynarodowym Turnieju M\u0142odzie\u017cowym w Danii, 3 miejsce w Mi\u0119dzynarodowym Turnieju Lucha Olimpica, 3 miejsce w LXII Mi\u0119dzynarodowym Turnieju Pytlasi\u0144skiego oraz 7 miejsce w Mistrzostwach Europy Senior\u00f3w kat. 130 kg.<\/p>\n\n\n\n<p class=\"has-small-font-size\">Do innych osi\u0105gni\u0119\u0107 Rafa\u0142a nale\u017cy zaliczy\u0107 zdobycie tytu\u0142u Mistrza Polski Senior\u00f3w w 2018 kat. 130kg, M\u0142odzie\u017cowego Mistrza Polski kat. 98 kg w 2017 oraz Mistrz Polski Junior\u00f3w kat. 96 kg w 2016 roku.<\/p>\n<\/div>\n<\/div>\n\n\n\n<h2 class=\"wp-block-heading\">Dawni podopieczni<\/h2>\n\n\n\n<h2 class=\"wp-block-heading\">Sandra Lieske<\/h2>\n\n\n\n<div class=\"wp-block-columns is-layout-flex wp-container-core-columns-is-layout-7 wp-block-columns-is-layout-flex\">\n<div class=\"wp-block-column is-layout-flow wp-block-column-is-layout-flow\" style=\"flex-basis:350px\"><div class=\"wp-block-image is-style-default\">\n<figure class=\"alignleft\"><img loading=\"lazy\" decoding=\"async\" width=\"400\" height=\"300\" src=\"https:\/\/niezwyciezony.org\/wp-content\/uploads\/2022\/06\/sandra_lieske.jpeg\" alt=\"\" class=\"wp-image-140\" srcset=\"https:\/\/niezwyciezony.org\/wp-content\/uploads\/2022\/06\/sandra_lieske.jpeg 400w, https:\/\/niezwyciezony.org\/wp-content\/uploads\/2022\/06\/sandra_lieske-300x225.jpeg 300w\" sizes=\"auto, (max-width: 400px) 85vw, 400px\" \/><\/figure><\/div><\/div>\n\n\n\n<div class=\"wp-block-column is-layout-flow wp-block-column-is-layout-flow\" style=\"flex-basis:50vw\">\n<p class=\"has-small-font-size\">18-letnia mieszkanka Szemuda (Kaszuby), zawodniczka Klubu Sportowego Gokken. Trenuje karate trzyna\u015bcie lat, czyli od 2009 roku. Fascynacja tym sportem, zacz\u0119\u0142a si\u0119 w przedszkolu, w wieku 5 lat, kiedy Sandra posz\u0142a z kuzynem na pierwsze zaj\u0119cia karate i trwa do dzi\u015b. Najwa\u017cniejsze osi\u0105gni\u0119cia Sandry to: Wicemistrzostwo Polski w kategorii u21 19.12.2021r., 3 miejsce na Mistrzostwach Polski w kategorii seniorek 19.12.2021r., 1 miejsce na Mistrzostwach Polskiej Unii Karate 24-25.10.2020r., dwa razy 3 miejsce na Polish Open w kategoriach u21 i seniorek 16-17.10.2021r., 3 miejsce na Grand Prix Slovakia w kategorii u21 22.02.2020r. i wielokrotne stanie na najwy\u017cszym miejscu podium w kategorii junior i kategoriach m\u0142odszych.<\/p>\n\n\n\n<p class=\"has-small-font-size\">Jej celem s\u0105 medale na Karate 1 &#8211; turniejach \u015bwiatowej ligi karate a najwi\u0119kszymi marzeniami &#8211; zdobycie medalu na Mistrzostwach \u015awiata i Mistrzostwach Europy. Wybra\u0142a karate, poniewa\u017c zwi\u0119ksza to u niej pewno\u015b\u0107 siebie i kszta\u0142tuje wiar\u0119 w swoje mo\u017cliwo\u015bci. Ceni t\u0105 dyscyplin\u0119 sportu za szybko\u015b\u0107 technik, taktyk\u0119 i rywalizacj\u0119.<\/p>\n<\/div>\n<\/div>\n\n\n\n<h2 class=\"wp-block-heading\">Sara Elwart <\/h2>\n\n\n\n<div class=\"wp-block-columns is-layout-flex wp-container-core-columns-is-layout-8 wp-block-columns-is-layout-flex\">\n<div class=\"wp-block-column is-layout-flow wp-block-column-is-layout-flow\" style=\"flex-basis:33.33%\"><div class=\"wp-block-image\">\n<figure class=\"aligncenter size-full\"><img loading=\"lazy\" decoding=\"async\" width=\"596\" height=\"448\" src=\"https:\/\/niezwyciezony.org\/wp-content\/uploads\/2025\/02\/Screenshot-2025-02-21-at-12.08.01.png\" alt=\"\" class=\"wp-image-874\"\/><\/figure><\/div><\/div>\n\n\n\n<div class=\"wp-block-column is-layout-flow wp-block-column-is-layout-flow\" style=\"flex-basis:66.66%\">\n<p class=\"has-small-font-size\">Sara jest 21-letni\u0105 zawodniczk\u0105, aktualn\u0105 mistrzyni\u0105 Polski w karate, aspiruj\u0105c\u0105 do wyst\u0119pu w zawodach olimpijskich w Tokio.&nbsp;<\/p>\n\n\n\n<p class=\"has-small-font-size\">Sara, kt\u00f3ra pochodzi z Tr\u00f3jmiasta, mimo m\u0142odego wieku trenuje ju\u017c od ponad 7 lat. Pierwszy medal na zawodach zdoby\u0142a ju\u017c po trzech miesi\u0105cach trening\u00f3w. Od czterech lat dumnie reprezentuje Polsk\u0119 na arenach mi\u0119dzynarodowych. Sara mo\u017ce poszczyci\u0107 si\u0119 wieloma sukcesami i nagrodami. W 2016 roku wygra\u0142a M\u0142odzie\u017cow\u0105 Lig\u0119 \u015awiatow\u0105, przed dwoma laty zdoby\u0142a Puchar Polski, a w tym roku otrzyma\u0142a br\u0105zowy medal na mistrzostwach Europy w du\u0144skim Aalborg.&nbsp;<\/p>\n\n\n\n<p class=\"has-small-font-size\">Obecnie jej najwi\u0119kszym marzeniem jest udzia\u0142 w igrzyskach olimpijskich w Tokio. To w\u0142a\u015bnie w Japonii po raz pierwszy ta dyscyplina sportu zago\u015bci na najwi\u0119kszej imprezie sportowej na \u015bwiecie.<\/p>\n<\/div>\n<\/div>\n","protected":false},"excerpt":{"rendered":"<p>Amelia J\u0119drzejewska Amelia J\u0119drzejewska 18 letnia karateczka z Gda\u0144ska konkuruje g\u0142\u00f3wnie w stylu kumite. Amelia trenuje w Klubie Sportowym Gokken. Jej cele na ten rok to Mistrzostwa Polski w kategorii u21 oraz turnieje w Bratys\u0142awie, Porec. Najwa\u017cniejsze osi\u0105gni\u0119cia Amelii dotychczas to: I miejsce na Mistrzostwa Polski w kategorii Junior Kumite Female + 66 kg, II &hellip; <a href=\"https:\/\/niezwyciezony.org\/index.php\/podpopieczni\/\" class=\"more-link\">Czytaj dalej<span class=\"screen-reader-text\"> \u201ePodopieczni\u201d<\/span><\/a><\/p>\n","protected":false},"author":1,"featured_media":0,"parent":0,"menu_order":0,"comment_status":"closed","ping_status":"closed","template":"elementor_header_footer","meta":{"footnotes":""},"class_list":["post-121","page","type-page","status-publish","hentry"],"better_featured_image":null,"_links":{"self":[{"href":"https:\/\/niezwyciezony.org\/index.php\/wp-json\/wp\/v2\/pages\/121","targetHints":{"allow":["GET"]}}],"collection":[{"href":"https:\/\/niezwyciezony.org\/index.php\/wp-json\/wp\/v2\/pages"}],"about":[{"href":"https:\/\/niezwyciezony.org\/index.php\/wp-json\/wp\/v2\/types\/page"}],"author":[{"embeddable":true,"href":"https:\/\/niezwyciezony.org\/index.php\/wp-json\/wp\/v2\/users\/1"}],"replies":[{"embeddable":true,"href":"https:\/\/niezwyciezony.org\/index.php\/wp-json\/wp\/v2\/comments?post=121"}],"version-history":[{"count":76,"href":"https:\/\/niezwyciezony.org\/index.php\/wp-json\/wp\/v2\/pages\/121\/revisions"}],"predecessor-version":[{"id":911,"href":"https:\/\/niezwyciezony.org\/index.php\/wp-json\/wp\/v2\/pages\/121\/revisions\/911"}],"wp:attachment":[{"href":"https:\/\/niezwyciezony.org\/index.php\/wp-json\/wp\/v2\/media?parent=121"}],"curies":[{"name":"wp","href":"https:\/\/api.w.org\/{rel}","templated":true}]}}